{"id":19650,"date":"2026-01-06T17:44:04","date_gmt":"2026-01-06T17:44:04","guid":{"rendered":"https:\/\/phfoundation.net\/?page_id=19650"},"modified":"2026-01-06T19:59:33","modified_gmt":"2026-01-06T19:59:33","slug":"data-subject-rights-requests","status":"publish","type":"page","link":"https:\/\/phfoundation.net\/fr\/data-subject-rights-requests\/","title":{"rendered":"Droits et demandes des personnes concern\u00e9es"},"content":{"rendered":"<p><\/p>\n\n\n\n<p><strong>Derni\u00e8re mise \u00e0 jour :<\/strong> 6 janvier 2026<\/p>\n\n\n\n<h4 class=\"wp-block-heading\">1. Vos droits en vertu du GDPR et du KVKK<\/h4>\n\n\n\n<p>Conform\u00e9ment aux lois internationales sur la protection des donn\u00e9es, vous disposez de droits sp\u00e9cifiques concernant vos donn\u00e9es personnelles d\u00e9tenues par la Fondation Protectiva Health :<\/p>\n\n\n\n<ul class=\"wp-block-list\">\n<li><strong>Droit d'acc\u00e8s :<\/strong> Vous pouvez demander une copie des donn\u00e9es personnelles que nous d\u00e9tenons \u00e0 votre sujet.<\/li>\n\n\n\n<li><strong>Droit de rectification :<\/strong> Vous pouvez nous demander de corriger des informations inexactes ou incompl\u00e8tes.<\/li>\n\n\n\n<li><strong>Droit \u00e0 l'effacement (\u201cdroit \u00e0 l'oubli\u201d) :<\/strong> Vous pouvez demander la suppression de vos donn\u00e9es sous certaines conditions.<\/li>\n\n\n\n<li><strong>Droit de restreindre le traitement :<\/strong> Vous pouvez nous demander de limiter la fa\u00e7on dont nous utilisons vos donn\u00e9es.<\/li>\n\n\n\n<li><strong>Droit \u00e0 la portabilit\u00e9 des donn\u00e9es :<\/strong> Vous pouvez demander vos donn\u00e9es dans un format structur\u00e9 et couramment utilis\u00e9.<\/li>\n\n\n\n<li><strong>Droit d'opposition :<\/strong> Vous pouvez vous opposer au traitement de vos donn\u00e9es \u00e0 des fins de marketing direct ou d'int\u00e9r\u00eats l\u00e9gitimes.<\/li>\n<\/ul>\n\n\n\n<h4 class=\"wp-block-heading\">2. Comment soumettre une demande<\/h4>\n\n\n\n<p>Pour exercer l'un de ces droits, veuillez envoyer un courriel \u00e0 <a href=\"mailto:legal@phfoundation.net\" target=\"_blank\" rel=\"noreferrer noopener\">legal@phfoundation.net<\/a> avec pour objet \u201cData Subject Request\u201d. Veuillez indiquer votre nom complet et la nature de votre demande.<\/p>\n\n\n\n<h4 class=\"wp-block-heading\">3. Processus de v\u00e9rification<\/h4>\n\n\n\n<p>Pour prot\u00e9ger votre vie priv\u00e9e, nous pouvons \u00eatre amen\u00e9s \u00e0 v\u00e9rifier votre identit\u00e9 avant de traiter votre demande. Nous r\u00e9pondrons \u00e0 toutes les demandes valables dans un d\u00e9lai de <strong>30 jours<\/strong>.<\/p>\n\n\n\n<h4 class=\"wp-block-heading\">4. Plaintes<\/h4>\n\n\n\n<p>Si vous estimez que nous n'avons pas trait\u00e9 vos donn\u00e9es correctement, vous avez le droit de d\u00e9poser une plainte aupr\u00e8s de votre autorit\u00e9 locale de protection des donn\u00e9es. Nous vous encourageons \u00e0 nous contacter d'abord par l'interm\u00e9diaire de notre <a href=\"https:\/\/phfoundation.net\/fr\/contact-complaints\/\" data-type=\"page\" data-id=\"19660\" target=\"_blank\" rel=\"noreferrer noopener\">Contact et plaintes<\/a> afin que nous puissions r\u00e9pondre directement \u00e0 vos pr\u00e9occupations.<\/p>\n\n\n\n<p><\/p>","protected":false},"excerpt":{"rendered":"<p>Derni\u00e8re mise \u00e0 jour : 6 janvier 2026 1. Vos droits en vertu du GDPR et du KVKK Conform\u00e9ment aux lois internationales sur la protection des donn\u00e9es, vous disposez de droits sp\u00e9cifiques concernant vos donn\u00e9es personnelles d\u00e9tenues par la Fondation Protectiva Health : 2. Comment soumettre une demande Pour exercer l'un de ces droits, veuillez envoyer un e-mail \u00e0 legal@phfoundation.net avec pour objet \u201cData [...]<\/p>","protected":false},"author":1,"featured_media":0,"parent":0,"menu_order":0,"comment_status":"closed","ping_status":"closed","template":"template-homepage.php","meta":{"give_campaign_id":0,"footnotes":""},"class_list":["post-19650","page","type-page","status-publish","hentry"],"campaignId":"","jetpack_sharing_enabled":true,"_links":{"self":[{"href":"https:\/\/phfoundation.net\/fr\/wp-json\/wp\/v2\/pages\/19650","targetHints":{"allow":["GET"]}}],"collection":[{"href":"https:\/\/phfoundation.net\/fr\/wp-json\/wp\/v2\/pages"}],"about":[{"href":"https:\/\/phfoundation.net\/fr\/wp-json\/wp\/v2\/types\/page"}],"author":[{"embeddable":true,"href":"https:\/\/phfoundation.net\/fr\/wp-json\/wp\/v2\/users\/1"}],"replies":[{"embeddable":true,"href":"https:\/\/phfoundation.net\/fr\/wp-json\/wp\/v2\/comments?post=19650"}],"version-history":[{"count":0,"href":"https:\/\/phfoundation.net\/fr\/wp-json\/wp\/v2\/pages\/19650\/revisions"}],"wp:attachment":[{"href":"https:\/\/phfoundation.net\/fr\/wp-json\/wp\/v2\/media?parent=19650"}],"curies":[{"name":"wp","href":"https:\/\/api.w.org\/{rel}","templated":true}]}}