{"id":19658,"date":"2026-01-06T17:46:02","date_gmt":"2026-01-06T17:46:02","guid":{"rendered":"https:\/\/phfoundation.net\/?page_id=19658"},"modified":"2026-01-06T18:10:31","modified_gmt":"2026-01-06T18:10:31","slug":"sanctions-compliance-notice","status":"publish","type":"page","link":"https:\/\/phfoundation.net\/fr\/sanctions-compliance-notice\/","title":{"rendered":"Avis de sanctions et de conformit\u00e9"},"content":{"rendered":"<p><\/p>\n\n\n\n<p><strong>Derni\u00e8re mise \u00e0 jour :<\/strong> 6 janvier 2026<\/p>\n\n\n\n<h4 class=\"wp-block-heading\">1. Respect du droit international<\/h4>\n\n\n\n<p>La Fondation Protectiva Health op\u00e8re dans le strict respect des lois et r\u00e9glementations internationales, y compris celles relatives \u00e0 la lutte contre le blanchiment d'argent (AML) et le financement du terrorisme (CFT).<\/p>\n\n\n\n<h4 class=\"wp-block-heading\">2. R\u00e9gions et personnes sanctionn\u00e9es<\/h4>\n\n\n\n<p>Nous n'acceptons pas de dons de la part d'individus ou d'entit\u00e9s figurant sur les listes de sanctions internationales (telles que celles \u00e9mises par les Nations unies, l'Union europ\u00e9enne ou l'OFAC), et nous ne leur fournissons pas de services. Nous n'op\u00e9rons pas dans des r\u00e9gions soumises \u00e0 des embargos internationaux globaux interdisant toute interaction humanitaire ou financi\u00e8re.<\/p>\n\n\n\n<h4 class=\"wp-block-heading\">3. S\u00e9lection des donneurs<\/h4>\n\n\n\n<p>Pour garantir la conformit\u00e9, nous pouvons proc\u00e9der \u00e0 une v\u00e9rification automatis\u00e9e des noms des donateurs par rapport aux listes de sanctions mondiales. En faisant un don, vous d\u00e9clarez que vous n'\u00eates pas une personne ou une entit\u00e9 sanctionn\u00e9e.<\/p>\n\n\n\n<h4 class=\"wp-block-heading\">4. Transparence et coop\u00e9ration<\/h4>\n\n\n\n<p>Nous coop\u00e9rons pleinement avec les institutions financi\u00e8res et les autorit\u00e9s de r\u00e9gulation pour veiller \u00e0 ce que nos op\u00e9rations mondiales restent transparentes et conformes \u00e0 la loi.<\/p>","protected":false},"excerpt":{"rendered":"<p>Derni\u00e8re mise \u00e0 jour : 6 janvier 2026 1. Respect du droit international La Fondation Protectiva pour la sant\u00e9 agit dans le strict respect des lois et r\u00e8glements internationaux, y compris ceux relatifs \u00e0 la lutte contre le blanchiment d'argent (AML) et le financement du terrorisme (CFT). 2. R\u00e9gions et individus sanctionn\u00e9s Nous n'acceptons pas de dons de la part d'individus ou d'entit\u00e9s figurant sur la liste [...], et nous ne leur fournissons pas de services.<\/p>","protected":false},"author":1,"featured_media":0,"parent":0,"menu_order":0,"comment_status":"closed","ping_status":"closed","template":"template-homepage.php","meta":{"give_campaign_id":0,"footnotes":""},"class_list":["post-19658","page","type-page","status-publish","hentry"],"campaignId":"","jetpack_sharing_enabled":true,"_links":{"self":[{"href":"https:\/\/phfoundation.net\/fr\/wp-json\/wp\/v2\/pages\/19658","targetHints":{"allow":["GET"]}}],"collection":[{"href":"https:\/\/phfoundation.net\/fr\/wp-json\/wp\/v2\/pages"}],"about":[{"href":"https:\/\/phfoundation.net\/fr\/wp-json\/wp\/v2\/types\/page"}],"author":[{"embeddable":true,"href":"https:\/\/phfoundation.net\/fr\/wp-json\/wp\/v2\/users\/1"}],"replies":[{"embeddable":true,"href":"https:\/\/phfoundation.net\/fr\/wp-json\/wp\/v2\/comments?post=19658"}],"version-history":[{"count":0,"href":"https:\/\/phfoundation.net\/fr\/wp-json\/wp\/v2\/pages\/19658\/revisions"}],"wp:attachment":[{"href":"https:\/\/phfoundation.net\/fr\/wp-json\/wp\/v2\/media?parent=19658"}],"curies":[{"name":"wp","href":"https:\/\/api.w.org\/{rel}","templated":true}]}}